{"id":213,"date":"2013-11-03T16:34:15","date_gmt":"2013-11-03T14:34:15","guid":{"rendered":"http:\/\/www.murks-nein-danke.de\/verein\/?page_id=213"},"modified":"2023-11-25T14:57:22","modified_gmt":"2023-11-25T12:57:22","slug":"news","status":"publish","type":"page","link":"http:\/\/www.murks-nein-danke.de\/verein\/news\/","title":{"rendered":"News"},"content":{"rendered":"<p><strong>F\u00fcr die laufenden Neuigkeiten aus unserem Verein bitten wir um Beachtung unserer Mitteilungen auf der <a href=\"https:\/\/www.murks-nein-danke.de\/verein\/\">Startseite<\/a> (Blogbeitr\u00e4ge) sowie unsere Ver\u00f6ffentlichungen auf <a href=\"http:\/\/www.facebook.com\/murksneindanke\">Facebook<\/a>.<\/strong><\/p>\n<p>Auf dieser Seite ver\u00f6ffentlichen wir gem\u00e4\u00df \u00a7 27 der Satzung offizielle Mitteilungen des Vorstandes und der Mitgliederversammlung. Wir danken f\u00fcr entsprechende Beachtung. F\u00fcr Fragen nutzen Sie bitte unsere <a href=\"https:\/\/www.murks-nein-danke.de\/verein\/kontakt\">Kontaktseite<\/a>. Die Satzung kann unter diesem <a href=\"https:\/\/www.murks-nein-danke.de\/verein\/download\/Satzung%20MND%20Download.pdf\">Link<\/a> heruntergeladen werden.<\/p>\n<h1>Ver\u00f6ffentlichungen<\/h1>\n<div id=\"accordions-990\" class=\"accordions-990 accordions\" data-accordions={&quot;lazyLoad&quot;:true,&quot;id&quot;:&quot;990&quot;,&quot;event&quot;:&quot;click&quot;,&quot;collapsible&quot;:&quot;true&quot;,&quot;heightStyle&quot;:&quot;content&quot;,&quot;animateStyle&quot;:&quot;swing&quot;,&quot;animateDelay&quot;:1000,&quot;navigation&quot;:true,&quot;active&quot;:999,&quot;expandedOther&quot;:&quot;no&quot;}>\r\n                <div id=\"accordions-lazy-990\" class=\"accordions-lazy\" accordionsId=\"990\">\r\n                    <\/div>\r\n\r\n    <div class=\"items\"  style=\"display:none\" >\r\n    \r\n            <div post_id=\"990\" itemcount=\"0\"  header_id=\"header-1680624680316\" id=\"header-1680624680316\" style=\"\" class=\"accordions-head head1680624680316 border-none\" toggle-text=\"\" main-text=\"Mitgliederversammlung 2017\">\r\n                                    <span id=\"accordion-icons-1680624680316\" class=\"accordion-icons\">\r\n                        <span class=\"accordion-icon-active accordion-plus\"><i class=\"fas fa-chevron-up\"><\/i><\/span>\r\n                        <span class=\"accordion-icon-inactive accordion-minus\"><i class=\"fas fa-chevron-right\"><\/i><\/span>\r\n                    <\/span>\r\n                    <span id=\"header-text-1680624680316\" class=\"accordions-head-title\">Mitgliederversammlung 2017<\/span>\r\n                            <\/div>\r\n            <div class=\"accordion-content content1680624680316 \">\r\n                <h1>Mitgliederversammlung 2017<\/h1>\n<p>Zur n\u00e4chsten Mitgliederversammlung l\u00e4dt der Vorstandsvorsitzende alle F\u00f6rdermitglieder recht herzlich ein. Er informiert \u00fcber die Aktivit\u00e4ten und Erfolge des Vereins aus dem vergangenen Jahr.<\/p>\n<p>ORT: Caf\u00e9 \"Aufsturz\" (Klubraum im hinteren Bereich), Oranienburger Str. 67, 10117 Berlin<br \/>\nDATUM: Mittwoch, der 10. Mai 2017<br \/>\nZEIT: 18 Uhr<\/p>\n<p>Tagesordnung<br \/>\n1.\u00a0\u00a0 \u00a0Begr\u00fc\u00dfung durch den Vorsitzenden<br \/>\n2.\u00a0\u00a0 \u00a0Wahl Versammlungsleiter*in und Protokollf\u00fchrer*in<br \/>\nFeststellung der ordnungsgem\u00e4\u00dfen Einberufung und der Beschlussf\u00e4higkeit der Mitgliederversammlung<br \/>\n3.\u00a0\u00a0 \u00a0Entgegennahme des Jahresberichts f\u00fcr das abgelaufene Gesch\u00e4ftsjahr und Entlastung des Vorstandes<br \/>\n3.1. Gesch\u00e4ftsbericht\/Jahresabschl\u00fcsse 2016<br \/>\n3.2. Bericht der Kassenpr\u00fcferin und des Kassenpr\u00fcfers<br \/>\n3.3. Best\u00e4tigung Bilanz und Jahresrechnung<br \/>\n4.\u00a0\u00a0 \u00a0Entlastung des Vorstands f\u00fcr 2016<br \/>\n5.\u00a0\u00a0 \u00a0Wahl der Kassenpr\u00fcfer*innen<br \/>\n6.\u00a0\u00a0 \u00a0Antr\u00e4ge zur Beschlussfassung<br \/>\n7.\u00a0\u00a0 \u00a0Verschiedenes<\/p>\n<p>Antr\u00e4ge auf Erg\u00e4nzungen der Tagesordnung m\u00fcssen bis eine Woche vor der Versammlung schriftlich beim Vorstand eingereicht werden, damit der Vorstand sie noch auf die Tagesordnung setzen kann (\u00a7 17 c der Satzung). Antr\u00e4ge an die Mitgliederversammlung aus der Reihe der Mitglieder sind mindestens 7 Tage vor Zusammentritt der ordentlichen Mitgliederversammlung dem Vorstand schriftlich mit kurzer Begr\u00fcndung einzureichen. (\u00a7 20 i der Satzung). Die Satzung k\u00f6nnen Sie unter diesem <a href=\"https:\/\/www.murks-nein-danke.de\/verein\/download\/Satzung%20MND%20Download.pdf\">Link<\/a> herunterladen.<\/p>\n<p>Stefan Schridde<br \/>\nVorstand<\/p>\n            <\/div>\r\n    \r\n            <div post_id=\"990\" itemcount=\"1\"  header_id=\"header-1680625489566\" id=\"header-1680625489566\" style=\"\" class=\"accordions-head head1680625489566 border-none\" toggle-text=\"\" main-text=\"Mitgliederversammlung 2023 (10 Jahre)\">\r\n                                    <span id=\"accordion-icons-1680625489566\" class=\"accordion-icons\">\r\n                        <span class=\"accordion-icon-active accordion-plus\"><i class=\"fas fa-chevron-up\"><\/i><\/span>\r\n                        <span class=\"accordion-icon-inactive accordion-minus\"><i class=\"fas fa-chevron-right\"><\/i><\/span>\r\n                    <\/span>\r\n                    <span id=\"header-text-1680625489566\" class=\"accordions-head-title\">Mitgliederversammlung 2023 (10 Jahre)<\/span>\r\n                            <\/div>\r\n            <div class=\"accordion-content content1680625489566 \">\r\n                <p>Die Einladung zur nicht-\u00f6ffentlichen Mitgliederversammlung 2023 k\u00f6nnen Sie <a href=\"https:\/\/www.murks-nein-danke.de\/verein\/download\/MND-MV-2023-Zehn-Jahre.pdf\">hier<\/a> runterladen. Die Einladung gilt nur f\u00fcr Mitglieder.<\/p>\n            <\/div>\r\n    \r\n            <div post_id=\"990\" itemcount=\"2\"  header_id=\"header-1700917099493\" id=\"header-1700917099493\" style=\"\" class=\"accordions-head head1700917099493 border-none\" toggle-text=\"\" main-text=\"Zweite Mitgliederversammlung 2023\">\r\n                                    <span id=\"accordion-icons-1700917099493\" class=\"accordion-icons\">\r\n                        <span class=\"accordion-icon-active accordion-plus\"><i class=\"fas fa-chevron-up\"><\/i><\/span>\r\n                        <span class=\"accordion-icon-inactive accordion-minus\"><i class=\"fas fa-chevron-right\"><\/i><\/span>\r\n                    <\/span>\r\n                    <span id=\"header-text-1700917099493\" class=\"accordions-head-title\">Zweite Mitgliederversammlung 2023<\/span>\r\n                            <\/div>\r\n            <div class=\"accordion-content content1700917099493 \">\r\n                <p>Die Einladung zur zweiten Mitgliederversammlung steht Ihnen unter hier <a href=\"https:\/\/www.murks-nein-danke.de\/verein\/wp-content\/uploads\/2023\/11\/Einladung-zur-zweiten-Mitgliederversammlung-2023.pdf\">Einladung zur zweiten Mitgliederversammlung 2023<\/a> zum Download zur Verf\u00fcgung.<\/p>\n<p>Das Protokoll der ersten Mitgliederversammlung steht Ihnen hier <a href=\"https:\/\/www.murks-nein-danke.de\/verein\/wp-content\/uploads\/2023\/11\/Protokoll-der-ersten-Mitgliederversammlung-2023.pdf\">Protokoll der ersten Mitgliederversammlung 2023<\/a> zum Download zur Verf\u00fcgung.<\/p>\n<p>Berlin, 25.11.2023<\/p>\n            <\/div>\r\n    <\/div>\r\n\r\n\r\n\r\n            <\/div>\n","protected":false},"excerpt":{"rendered":"<p>F\u00fcr die laufenden Neuigkeiten aus unserem Verein bitten wir um Beachtung unserer Mitteilungen auf der Startseite (Blogbeitr\u00e4ge) sowie unsere Ver\u00f6ffentlichungen auf Facebook. Auf dieser Seite ver\u00f6ffentlichen wir gem\u00e4\u00df \u00a7 27&#8230;<\/p>\n","protected":false},"author":1,"featured_media":0,"parent":0,"menu_order":8,"comment_status":"open","ping_status":"closed","template":"","meta":{"footnotes":""},"_links":{"self":[{"href":"http:\/\/www.murks-nein-danke.de\/verein\/wp-json\/wp\/v2\/pages\/213"}],"collection":[{"href":"http:\/\/www.murks-nein-danke.de\/verein\/wp-json\/wp\/v2\/pages"}],"about":[{"href":"http:\/\/www.murks-nein-danke.de\/verein\/wp-json\/wp\/v2\/types\/page"}],"author":[{"embeddable":true,"href":"http:\/\/www.murks-nein-danke.de\/verein\/wp-json\/wp\/v2\/users\/1"}],"replies":[{"embeddable":true,"href":"http:\/\/www.murks-nein-danke.de\/verein\/wp-json\/wp\/v2\/comments?post=213"}],"version-history":[{"count":10,"href":"http:\/\/www.murks-nein-danke.de\/verein\/wp-json\/wp\/v2\/pages\/213\/revisions"}],"predecessor-version":[{"id":1022,"href":"http:\/\/www.murks-nein-danke.de\/verein\/wp-json\/wp\/v2\/pages\/213\/revisions\/1022"}],"wp:attachment":[{"href":"http:\/\/www.murks-nein-danke.de\/verein\/wp-json\/wp\/v2\/media?parent=213"}],"curies":[{"name":"wp","href":"https:\/\/api.w.org\/{rel}","templated":true}]}}